{"id":507,"date":"2013-08-23T07:13:37","date_gmt":"2013-08-23T06:13:37","guid":{"rendered":"http:\/\/webpage-photography.xn--photography-wrzburg-ibc.de\/?page_id=507"},"modified":"2018-08-05T14:18:28","modified_gmt":"2018-08-05T13:18:28","slug":"roter-bau-wuerzburg-adelshof","status":"publish","type":"page","link":"http:\/\/webpage-photography.xn--photography-wrzburg-ibc.de\/?page_id=507","title":{"rendered":"Roter Bau W\u00fcrzburg (Adelshof)"},"content":{"rendered":"<h2>Roter Bau (Adelshof)<\/h2>\n<div>\n<div>\n<p><a href=\"http:\/\/wuerzburgwiki.de\/wiki\/Datei:Roter-Bau-Adelshof.jpg\"><img loading=\"lazy\" decoding=\"async\" src=\"http:\/\/wuerzburgwiki.de\/w\/images\/thumb\/2\/21\/Roter-Bau-Adelshof.jpg\/150px-Roter-Bau-Adelshof.jpg\" alt=\"\" width=\"150\" height=\"113\"><\/a><\/p>\n<div>\n<div><a title=\"vergr\u00f6\u00dfern\" href=\"http:\/\/wuerzburgwiki.de\/wiki\/Datei:Roter-Bau-Adelshof.jpg\"><img loading=\"lazy\" decoding=\"async\" src=\"http:\/\/wuerzburgwiki.de\/w\/skins\/common\/images\/magnify-clip.png\" alt=\"\" width=\"15\" height=\"11\"><\/a><\/div>\n<p>Der Rote Bau (Adelshof) an der Theaterstra\u00dfe<\/p>\n<\/div>\n<\/div>\n<\/div>\n<p>Der &#8222;Rote Bau&#8220; erhebt sich an der Theaterstra\u00dfe, zwischen Oeggstra\u00dfe und Huebersgasse, neben dem Mainfranken Theater. Das Gel\u00e4nde war im 16. Jhd. Eigentum des Wilhelm von Grumbach und ging sp\u00e4ter als Schenkung an den Jesuitenorden, der hier einen Teil seines Parks anlegte. F\u00fcrstbischof Johann Philipp von Greiffenclau erwarb den Grund zur Errichtung eines Adelshofs (erbaut 1706-08). 1843 kaufte die Post das Geb\u00e4ude f\u00fcr die Nutzung als K\u00f6nigliches Oberpostamt. Sp\u00e4ter wurde die Post in den Alten Bahnhof verlegt, der Rote Bau wurde sodann von Bahn- und Postbeamten bewohnt. Das durch einen Brand im Jahr 1874 zerst\u00f6rte Geb\u00e4ude wurde vom Milit\u00e4r \u00fcbernommen und als Wohnhaus des Korpskommandeurs neu errichtet. Schlie\u00dflich ging das Geb\u00e4ude in st\u00e4dtischen Besitz \u00fcber, diente 1914-18 als Sanit\u00e4tsamt. 1952 wurde hier das staatliche Gesundheitsamt untergebracht. Wegen Bauf\u00e4lligkeit des Geb\u00e4udes zog das Amt 2011 in das renovierte Landratsamt. Der Freistaat Bayern als aktueller Eigent\u00fcmer plant den Verkauf des denkmalgesch\u00fctzten Geb\u00e4udes. Die Stadt W\u00fcrzburg hat eine \u00dcbernahme abgelehnt.<\/p>\n<p><strong>Quelle:<\/strong> <a title=\"Roter Bau W\u00fcrzburg\" href=\"http:\/\/wuerzburgwiki.de\/wiki\/Roter_Bau\" target=\"_blank\" rel=\"noopener\">Wikipedia<\/a><\/p>\n<p title=\"Freistaat verkauft Roten Bau \">Drei weitere Informationen: <a title=\"Freistaat verkauft Roten Bau \" href=\"http:\/\/www.mainpost.de\/regional\/wuerzburg\/Freistaat-verkauft-Roten-Bau;art735,6407992\" target=\"_blank\" rel=\"noopener\">Mainpost<\/a>, <a title=\"300-Jahre-Roter-Bau-in-der-Theaterstrasse\" href=\"http:\/\/www.mainpost.de\/regional\/wuerzburg\/300-Jahre-Roter-Bau-in-der-Theaterstrasse;art735,5394397\" target=\"_blank\" rel=\"noopener\">Mainpost<\/a>, <a title=\"In-den-Roten-Bau-kommt-Leben\" href=\"http:\/\/www.mainpost.de\/regional\/wuerzburg\/In-den-Roten-Bau-kommt-Leben;art735,7339711\" target=\"_blank\" rel=\"noopener\">Mainpost<\/a>.<\/p>\n<p style=\"text-align: center;\">.<\/p>\n<p style=\"text-align: center;\">.<\/p>\n<p style=\"text-align: center;\"><a href=\"http:\/\/webpage-photography.xn--photography-wrzburg-ibc.de\/wp-content\/uploads\/2013\/08\/Andreas_Schubert_Roter_Bau_W\u00fcrzburg_AF_2013-21.jpg\"><img loading=\"lazy\" decoding=\"async\" class=\"aligncenter wp-image-553 size-large\" title=\"Dr. Andreas Schubert &amp; Alexandra Frank W\u00fcrzburg \" src=\"http:\/\/webpage-photography.xn--photography-wrzburg-ibc.de\/wp-content\/uploads\/2013\/08\/Andreas_Schubert_Roter_Bau_W\u00fcrzburg_AF_2013-21-1024x682.jpg\" alt=\"\" width=\"525\" height=\"350\" srcset=\"http:\/\/webpage-photography.xn--photography-wrzburg-ibc.de\/wp-content\/uploads\/2013\/08\/Andreas_Schubert_Roter_Bau_W\u00fcrzburg_AF_2013-21-1024x682.jpg 1024w, http:\/\/webpage-photography.xn--photography-wrzburg-ibc.de\/wp-content\/uploads\/2013\/08\/Andreas_Schubert_Roter_Bau_W\u00fcrzburg_AF_2013-21-300x200.jpg 300w, http:\/\/webpage-photography.xn--photography-wrzburg-ibc.de\/wp-content\/uploads\/2013\/08\/Andreas_Schubert_Roter_Bau_W\u00fcrzburg_AF_2013-21.jpg 1800w\" sizes=\"auto, (max-width: 525px) 100vw, 525px\" \/><\/a><\/p>\n<p style=\"text-align: center;\">.<\/p>\n<p style=\"text-align: center;\">.<\/p>\n<p style=\"text-align: center;\"><a href=\"http:\/\/webpage-photography.xn--photography-wrzburg-ibc.de\/wp-content\/uploads\/2012\/11\/IMG_1899-ii-1.jpg\"><img loading=\"lazy\" decoding=\"async\" class=\"alignleft wp-image-867 size-large\" title=\"Dr Andreas Schubert W\u00fcrzburg\" src=\"http:\/\/webpage-photography.xn--photography-wrzburg-ibc.de\/wp-content\/uploads\/2012\/11\/IMG_1899-ii-1-1024x683.jpg\" alt=\"\" width=\"525\" height=\"350\" srcset=\"http:\/\/webpage-photography.xn--photography-wrzburg-ibc.de\/wp-content\/uploads\/2012\/11\/IMG_1899-ii-1-1024x683.jpg 1024w, http:\/\/webpage-photography.xn--photography-wrzburg-ibc.de\/wp-content\/uploads\/2012\/11\/IMG_1899-ii-1-300x200.jpg 300w, http:\/\/webpage-photography.xn--photography-wrzburg-ibc.de\/wp-content\/uploads\/2012\/11\/IMG_1899-ii-1-768x512.jpg 768w, http:\/\/webpage-photography.xn--photography-wrzburg-ibc.de\/wp-content\/uploads\/2012\/11\/IMG_1899-ii-1.jpg 1152w\" sizes=\"auto, (max-width: 525px) 100vw, 525px\" \/><\/a><\/p>\n<p style=\"text-align: center;\">.<\/p>\n<p style=\"text-align: center;\">.<\/p>\n<p style=\"text-align: center;\"><a href=\"http:\/\/webpage-photography.xn--photography-wrzburg-ibc.de\/wp-content\/uploads\/2013\/08\/Andreas_Schubert_Roter-Bau-Adelshof_W\u00fcrzburg_CS_2013.jpg\"><img loading=\"lazy\" decoding=\"async\" class=\"size-large wp-image-540 aligncenter\" title=\"(c)+Andreas+Schubert+W\u00fcrzburg+Roter Bau Adelshof\" src=\"http:\/\/webpage-photography.xn--photography-wrzburg-ibc.de\/wp-content\/uploads\/2013\/08\/Andreas_Schubert_Roter-Bau-Adelshof_W\u00fcrzburg_CS_2013-1024x682.jpg\" alt=\"\" width=\"1024\" height=\"682\" srcset=\"http:\/\/webpage-photography.xn--photography-wrzburg-ibc.de\/wp-content\/uploads\/2013\/08\/Andreas_Schubert_Roter-Bau-Adelshof_W\u00fcrzburg_CS_2013-1024x682.jpg 1024w, http:\/\/webpage-photography.xn--photography-wrzburg-ibc.de\/wp-content\/uploads\/2013\/08\/Andreas_Schubert_Roter-Bau-Adelshof_W\u00fcrzburg_CS_2013-300x200.jpg 300w, http:\/\/webpage-photography.xn--photography-wrzburg-ibc.de\/wp-content\/uploads\/2013\/08\/Andreas_Schubert_Roter-Bau-Adelshof_W\u00fcrzburg_CS_2013.jpg 1800w\" sizes=\"auto, (max-width: 706px) 89vw, (max-width: 767px) 82vw, 740px\" \/><\/a><\/p>\n<p style=\"text-align: center;\">.<\/p>\n<p style=\"text-align: center;\">.<\/p>\n<p style=\"text-align: center;\"><a href=\"http:\/\/webpage-photography.xn--photography-wrzburg-ibc.de\/wp-content\/uploads\/2013\/08\/Andreas_Schubert_W\u00fcrzburg_CS_2013-9.jpg\"><img loading=\"lazy\" decoding=\"async\" class=\"size-large wp-image-510 aligncenter\" title=\"(c)+Andreas+Schubert+W\u00fcrzburg+Roter Bau Adelshof\" src=\"http:\/\/webpage-photography.xn--photography-wrzburg-ibc.de\/wp-content\/uploads\/2013\/08\/Andreas_Schubert_W\u00fcrzburg_CS_2013-9-682x1024.jpg\" alt=\"\" width=\"682\" height=\"1024\" srcset=\"http:\/\/webpage-photography.xn--photography-wrzburg-ibc.de\/wp-content\/uploads\/2013\/08\/Andreas_Schubert_W\u00fcrzburg_CS_2013-9-682x1024.jpg 682w, http:\/\/webpage-photography.xn--photography-wrzburg-ibc.de\/wp-content\/uploads\/2013\/08\/Andreas_Schubert_W\u00fcrzburg_CS_2013-9-200x300.jpg 200w, http:\/\/webpage-photography.xn--photography-wrzburg-ibc.de\/wp-content\/uploads\/2013\/08\/Andreas_Schubert_W\u00fcrzburg_CS_2013-9.jpg 1200w\" sizes=\"auto, (max-width: 682px) 100vw, 682px\" \/><\/a><\/p>\n<p style=\"text-align: center;\">.<\/p>\n<p style=\"text-align: center;\">.<\/p>\n<p style=\"text-align: center;\"><a href=\"http:\/\/webpage-photography.xn--photography-wrzburg-ibc.de\/wp-content\/uploads\/2013\/08\/Andreas_Schubert_Roter_Bau_W\u00fcrzburg_AF_2013-3.jpg\"><img loading=\"lazy\" decoding=\"async\" class=\"aligncenter wp-image-554\" title=\"Dr. Andreas Schubert &amp; Alexandra Frank W\u00fcrzburg \" src=\"http:\/\/webpage-photography.xn--photography-wrzburg-ibc.de\/wp-content\/uploads\/2013\/08\/Andreas_Schubert_Roter_Bau_W\u00fcrzburg_AF_2013-3-1024x682.jpg\" alt=\"\" width=\"1024\" height=\"682\" srcset=\"http:\/\/webpage-photography.xn--photography-wrzburg-ibc.de\/wp-content\/uploads\/2013\/08\/Andreas_Schubert_Roter_Bau_W\u00fcrzburg_AF_2013-3-1024x682.jpg 1024w, http:\/\/webpage-photography.xn--photography-wrzburg-ibc.de\/wp-content\/uploads\/2013\/08\/Andreas_Schubert_Roter_Bau_W\u00fcrzburg_AF_2013-3-300x200.jpg 300w, http:\/\/webpage-photography.xn--photography-wrzburg-ibc.de\/wp-content\/uploads\/2013\/08\/Andreas_Schubert_Roter_Bau_W\u00fcrzburg_AF_2013-3.jpg 1800w\" sizes=\"auto, (max-width: 706px) 89vw, (max-width: 767px) 82vw, 740px\" \/><\/a><\/p>\n<p style=\"text-align: center;\">.<\/p>\n<p style=\"text-align: center;\">.<\/p>\n<p><a href=\"http:\/\/webpage-photography.xn--photography-wrzburg-ibc.de\/wp-content\/uploads\/2013\/08\/Andreas_Schubert_W\u00fcrzburg_Roter_Bau_2013-4.jpg\"><img loading=\"lazy\" decoding=\"async\" class=\"size-large wp-image-511 aligncenter\" title=\"(c)+Andreas+Schubert+W\u00fcrzburg+Roter Bau Adelshof\" src=\"http:\/\/webpage-photography.xn--photography-wrzburg-ibc.de\/wp-content\/uploads\/2013\/08\/Andreas_Schubert_W\u00fcrzburg_Roter_Bau_2013-4-1024x682.jpg\" alt=\"\" width=\"1024\" height=\"682\" srcset=\"http:\/\/webpage-photography.xn--photography-wrzburg-ibc.de\/wp-content\/uploads\/2013\/08\/Andreas_Schubert_W\u00fcrzburg_Roter_Bau_2013-4-1024x682.jpg 1024w, http:\/\/webpage-photography.xn--photography-wrzburg-ibc.de\/wp-content\/uploads\/2013\/08\/Andreas_Schubert_W\u00fcrzburg_Roter_Bau_2013-4-300x200.jpg 300w, http:\/\/webpage-photography.xn--photography-wrzburg-ibc.de\/wp-content\/uploads\/2013\/08\/Andreas_Schubert_W\u00fcrzburg_Roter_Bau_2013-4.jpg 1800w\" sizes=\"auto, (max-width: 706px) 89vw, (max-width: 767px) 82vw, 740px\" \/><\/a><\/p>\n<p style=\"text-align: center;\">.<\/p>\n<p style=\"text-align: center;\">.<\/p>\n<p style=\"text-align: center;\"><a href=\"http:\/\/webpage-photography.xn--photography-wrzburg-ibc.de\/wp-content\/uploads\/2013\/08\/Andreas_Schubert_W\u00fcrzburg_Roter_Bau_CS_2013-3.jpg\"><img loading=\"lazy\" decoding=\"async\" class=\"size-large wp-image-521 aligncenter\" title=\"(c)+Andreas+Schubert+W\u00fcrzburg+Roter Bau Adelshof\" src=\"http:\/\/webpage-photography.xn--photography-wrzburg-ibc.de\/wp-content\/uploads\/2013\/08\/Andreas_Schubert_W\u00fcrzburg_Roter_Bau_CS_2013-3-682x1024.jpg\" alt=\"\" width=\"682\" height=\"1024\" srcset=\"http:\/\/webpage-photography.xn--photography-wrzburg-ibc.de\/wp-content\/uploads\/2013\/08\/Andreas_Schubert_W\u00fcrzburg_Roter_Bau_CS_2013-3-682x1024.jpg 682w, http:\/\/webpage-photography.xn--photography-wrzburg-ibc.de\/wp-content\/uploads\/2013\/08\/Andreas_Schubert_W\u00fcrzburg_Roter_Bau_CS_2013-3-200x300.jpg 200w, http:\/\/webpage-photography.xn--photography-wrzburg-ibc.de\/wp-content\/uploads\/2013\/08\/Andreas_Schubert_W\u00fcrzburg_Roter_Bau_CS_2013-3.jpg 1200w\" sizes=\"auto, (max-width: 682px) 100vw, 682px\" \/><\/a><\/p>\n<p style=\"text-align: center;\">.<\/p>\n<p style=\"text-align: center;\">.<\/p>\n<p style=\"text-align: center;\"><a href=\"http:\/\/webpage-photography.xn--photography-wrzburg-ibc.de\/wp-content\/uploads\/2013\/08\/995d4fb55d367641ba0eee562e4366ea.jpg\"><img loading=\"lazy\" decoding=\"async\" class=\"aligncenter wp-image-657 size-large\" title=\"Dr. Andreas Schubert &amp; Sina Melchior W\u00fcrzburg \" src=\"http:\/\/webpage-photography.xn--photography-wrzburg-ibc.de\/wp-content\/uploads\/2013\/08\/995d4fb55d367641ba0eee562e4366ea-694x1024.jpg\" alt=\"Andreas_Schubert_Roter Bau W\u00fcrzburg_SM_2013-1\" width=\"694\" height=\"1024\" srcset=\"http:\/\/webpage-photography.xn--photography-wrzburg-ibc.de\/wp-content\/uploads\/2013\/08\/995d4fb55d367641ba0eee562e4366ea-694x1024.jpg 694w, http:\/\/webpage-photography.xn--photography-wrzburg-ibc.de\/wp-content\/uploads\/2013\/08\/995d4fb55d367641ba0eee562e4366ea-203x300.jpg 203w, http:\/\/webpage-photography.xn--photography-wrzburg-ibc.de\/wp-content\/uploads\/2013\/08\/995d4fb55d367641ba0eee562e4366ea.jpg 1200w\" sizes=\"auto, (max-width: 694px) 100vw, 694px\" \/><\/a><\/p>\n<p style=\"text-align: center;\">.<\/p>\n<p style=\"text-align: center;\">.<\/p>\n<p style=\"text-align: center;\"><a href=\"http:\/\/webpage-photography.xn--photography-wrzburg-ibc.de\/wp-content\/uploads\/2013\/08\/Andreas_Schubert_Roter_Bau_W\u00fcrzburg_AF_2013-1.jpg\"><img loading=\"lazy\" decoding=\"async\" class=\"aligncenter wp-image-556 size-large\" title=\"Dr. Andreas Schubert &amp; Alexandra Frank W\u00fcrzburg \" src=\"http:\/\/webpage-photography.xn--photography-wrzburg-ibc.de\/wp-content\/uploads\/2013\/08\/Andreas_Schubert_Roter_Bau_W\u00fcrzburg_AF_2013-1-682x1024.jpg\" alt=\"\" width=\"525\" height=\"788\" srcset=\"http:\/\/webpage-photography.xn--photography-wrzburg-ibc.de\/wp-content\/uploads\/2013\/08\/Andreas_Schubert_Roter_Bau_W\u00fcrzburg_AF_2013-1-682x1024.jpg 682w, http:\/\/webpage-photography.xn--photography-wrzburg-ibc.de\/wp-content\/uploads\/2013\/08\/Andreas_Schubert_Roter_Bau_W\u00fcrzburg_AF_2013-1-200x300.jpg 200w, http:\/\/webpage-photography.xn--photography-wrzburg-ibc.de\/wp-content\/uploads\/2013\/08\/Andreas_Schubert_Roter_Bau_W\u00fcrzburg_AF_2013-1.jpg 1200w\" sizes=\"auto, (max-width: 525px) 100vw, 525px\" \/><\/a><\/p>\n<p style=\"text-align: center;\">.<\/p>\n<p style=\"text-align: center;\">.<\/p>\n<p style=\"text-align: center;\"><a href=\"http:\/\/webpage-photography.xn--photography-wrzburg-ibc.de\/wp-content\/uploads\/2013\/08\/Andreas_Schubert_CS_Roter-Bau-Adelshof_W\u00fcrzburg_2013-2.jpg\"><img loading=\"lazy\" decoding=\"async\" class=\"size-large wp-image-537 aligncenter\" title=\"(c)+Andreas+Schubert+W\u00fcrzburg+Roter Bau Adelshof\" src=\"http:\/\/webpage-photography.xn--photography-wrzburg-ibc.de\/wp-content\/uploads\/2013\/08\/Andreas_Schubert_CS_Roter-Bau-Adelshof_W\u00fcrzburg_2013-2-682x1024.jpg\" alt=\"\" width=\"682\" height=\"1024\" srcset=\"http:\/\/webpage-photography.xn--photography-wrzburg-ibc.de\/wp-content\/uploads\/2013\/08\/Andreas_Schubert_CS_Roter-Bau-Adelshof_W\u00fcrzburg_2013-2-682x1024.jpg 682w, http:\/\/webpage-photography.xn--photography-wrzburg-ibc.de\/wp-content\/uploads\/2013\/08\/Andreas_Schubert_CS_Roter-Bau-Adelshof_W\u00fcrzburg_2013-2-200x300.jpg 200w, http:\/\/webpage-photography.xn--photography-wrzburg-ibc.de\/wp-content\/uploads\/2013\/08\/Andreas_Schubert_CS_Roter-Bau-Adelshof_W\u00fcrzburg_2013-2.jpg 1200w\" sizes=\"auto, (max-width: 682px) 100vw, 682px\" \/><\/a><\/p>\n<p style=\"text-align: center;\">.<\/p>\n<p style=\"text-align: center;\">.<\/p>\n<p style=\"text-align: center;\"><a href=\"http:\/\/webpage-photography.xn--photography-wrzburg-ibc.de\/wp-content\/uploads\/2013\/08\/b4e95ff0ddb572642d000b858989f937.jpg\"><img loading=\"lazy\" decoding=\"async\" class=\"aligncenter size-large wp-image-649\" title=\"(c)+Andreas+Schubert+W\u00fcrzburg+Roter Bau Adelshof\" src=\"http:\/\/webpage-photography.xn--photography-wrzburg-ibc.de\/wp-content\/uploads\/2013\/08\/b4e95ff0ddb572642d000b858989f937-694x1024.jpg\" alt=\"Andreas Schubert Roter Bau W\u00fcrzburg_FG_2013-5\" width=\"694\" height=\"1024\" srcset=\"http:\/\/webpage-photography.xn--photography-wrzburg-ibc.de\/wp-content\/uploads\/2013\/08\/b4e95ff0ddb572642d000b858989f937-694x1024.jpg 694w, http:\/\/webpage-photography.xn--photography-wrzburg-ibc.de\/wp-content\/uploads\/2013\/08\/b4e95ff0ddb572642d000b858989f937-203x300.jpg 203w, http:\/\/webpage-photography.xn--photography-wrzburg-ibc.de\/wp-content\/uploads\/2013\/08\/b4e95ff0ddb572642d000b858989f937.jpg 1200w\" sizes=\"auto, (max-width: 694px) 100vw, 694px\" \/><\/a><\/p>\n<p style=\"text-align: center;\">.<\/p>\n<p style=\"text-align: center;\">.<\/p>\n<p style=\"text-align: center;\"><a href=\"http:\/\/webpage-photography.xn--photography-wrzburg-ibc.de\/wp-content\/uploads\/2013\/08\/Andreas_Schubert_Roter_Bau_W\u00fcrzburg_AF_2013-4.jpg\"><img loading=\"lazy\" decoding=\"async\" class=\"aligncenter wp-image-555\" title=\"Dr. Andreas Schubert &amp; Alexandra Frank W\u00fcrzburg \" src=\"http:\/\/webpage-photography.xn--photography-wrzburg-ibc.de\/wp-content\/uploads\/2013\/08\/Andreas_Schubert_Roter_Bau_W\u00fcrzburg_AF_2013-4-810x1024.jpg\" alt=\"\" width=\"810\" height=\"1024\" srcset=\"http:\/\/webpage-photography.xn--photography-wrzburg-ibc.de\/wp-content\/uploads\/2013\/08\/Andreas_Schubert_Roter_Bau_W\u00fcrzburg_AF_2013-4-810x1024.jpg 810w, http:\/\/webpage-photography.xn--photography-wrzburg-ibc.de\/wp-content\/uploads\/2013\/08\/Andreas_Schubert_Roter_Bau_W\u00fcrzburg_AF_2013-4-237x300.jpg 237w, http:\/\/webpage-photography.xn--photography-wrzburg-ibc.de\/wp-content\/uploads\/2013\/08\/Andreas_Schubert_Roter_Bau_W\u00fcrzburg_AF_2013-4.jpg 1200w\" sizes=\"auto, (max-width: 706px) 89vw, (max-width: 767px) 82vw, 740px\" \/><\/a><\/p>\n<p style=\"text-align: center;\">.<\/p>\n<p style=\"text-align: center;\">.<\/p>\n<p style=\"text-align: center;\"><a href=\"http:\/\/webpage-photography.xn--photography-wrzburg-ibc.de\/wp-content\/uploads\/2013\/08\/e32ad480186ebce8a8bd112d552a05b6.jpg\"><img loading=\"lazy\" decoding=\"async\" class=\"aligncenter wp-image-659 size-large\" title=\"Dr. Andreas Schubert &amp; Sina Melchior W\u00fcrzburg \" src=\"http:\/\/webpage-photography.xn--photography-wrzburg-ibc.de\/wp-content\/uploads\/2013\/08\/e32ad480186ebce8a8bd112d552a05b6-1024x694.jpg\" alt=\"Andreas_Schubert_Roter Bau W\u00fcrzburg_SM_2013-3\" width=\"1024\" height=\"694\" srcset=\"http:\/\/webpage-photography.xn--photography-wrzburg-ibc.de\/wp-content\/uploads\/2013\/08\/e32ad480186ebce8a8bd112d552a05b6-1024x694.jpg 1024w, http:\/\/webpage-photography.xn--photography-wrzburg-ibc.de\/wp-content\/uploads\/2013\/08\/e32ad480186ebce8a8bd112d552a05b6-300x203.jpg 300w, http:\/\/webpage-photography.xn--photography-wrzburg-ibc.de\/wp-content\/uploads\/2013\/08\/e32ad480186ebce8a8bd112d552a05b6.jpg 1770w\" sizes=\"auto, (max-width: 706px) 89vw, (max-width: 767px) 82vw, 740px\" \/><\/a><\/p>\n<p style=\"text-align: center;\">.<\/p>\n<p style=\"text-align: center;\">.<\/p>\n<p style=\"text-align: center;\"><a href=\"http:\/\/webpage-photography.xn--photography-wrzburg-ibc.de\/wp-content\/uploads\/2013\/08\/ccfef4e107d0fcaf3545c3e0e324a82c.jpg\"><img loading=\"lazy\" decoding=\"async\" class=\"aligncenter wp-image-654\" title=\"(c)+Andreas+Schubert+W\u00fcrzburg+Roter Bau Adelshof\" src=\"http:\/\/webpage-photography.xn--photography-wrzburg-ibc.de\/wp-content\/uploads\/2013\/08\/ccfef4e107d0fcaf3545c3e0e324a82c-682x1024.jpg\" alt=\"Andreas_Schubert_Roter Bau W\u00fcrzburg_FG_2013-1\" width=\"682\" height=\"1024\" srcset=\"http:\/\/webpage-photography.xn--photography-wrzburg-ibc.de\/wp-content\/uploads\/2013\/08\/ccfef4e107d0fcaf3545c3e0e324a82c-682x1024.jpg 682w, http:\/\/webpage-photography.xn--photography-wrzburg-ibc.de\/wp-content\/uploads\/2013\/08\/ccfef4e107d0fcaf3545c3e0e324a82c-200x300.jpg 200w, http:\/\/webpage-photography.xn--photography-wrzburg-ibc.de\/wp-content\/uploads\/2013\/08\/ccfef4e107d0fcaf3545c3e0e324a82c.jpg 1200w\" sizes=\"auto, (max-width: 682px) 100vw, 682px\" \/><\/a>.<\/p>\n<p style=\"text-align: center;\">.<\/p>\n<p style=\"text-align: center;\"><a href=\"http:\/\/webpage-photography.xn--photography-wrzburg-ibc.de\/wp-content\/uploads\/2013\/08\/884974db37c5d180a06d3599985c940f.jpg\"><img loading=\"lazy\" decoding=\"async\" class=\"aligncenter size-large wp-image-656\" title=\"(c)+Andreas+Schubert+W\u00fcrzburg+Roter Bau Adelshof\" src=\"http:\/\/webpage-photography.xn--photography-wrzburg-ibc.de\/wp-content\/uploads\/2013\/08\/884974db37c5d180a06d3599985c940f-682x1024.jpg\" alt=\"Andreas_Schubert_Roter Bau W\u00fcrzburg_FG_2013-4\" width=\"682\" height=\"1024\" srcset=\"http:\/\/webpage-photography.xn--photography-wrzburg-ibc.de\/wp-content\/uploads\/2013\/08\/884974db37c5d180a06d3599985c940f-682x1024.jpg 682w, http:\/\/webpage-photography.xn--photography-wrzburg-ibc.de\/wp-content\/uploads\/2013\/08\/884974db37c5d180a06d3599985c940f-200x300.jpg 200w, http:\/\/webpage-photography.xn--photography-wrzburg-ibc.de\/wp-content\/uploads\/2013\/08\/884974db37c5d180a06d3599985c940f.jpg 1200w\" sizes=\"auto, (max-width: 682px) 100vw, 682px\" \/><\/a><\/p>\n<p style=\"text-align: center;\">.<\/p>\n<p style=\"text-align: center;\">.<\/p>\n<p><a href=\"http:\/\/webpage-photography.xn--photography-wrzburg-ibc.de\/wp-content\/uploads\/2013\/08\/Andreas_Schubert_VK_Roter-Bau_W\u00fcrzburg_2013-2.jpg\"><img loading=\"lazy\" decoding=\"async\" class=\"wp-image-526 aligncenter\" title=\"(c)+Andreas+Schubert+W\u00fcrzburg+Roter Bau Adelshof\" src=\"http:\/\/webpage-photography.xn--photography-wrzburg-ibc.de\/wp-content\/uploads\/2013\/08\/Andreas_Schubert_VK_Roter-Bau_W\u00fcrzburg_2013-2-1024x538.jpg\" alt=\"\" width=\"1024\" height=\"538\" srcset=\"http:\/\/webpage-photography.xn--photography-wrzburg-ibc.de\/wp-content\/uploads\/2013\/08\/Andreas_Schubert_VK_Roter-Bau_W\u00fcrzburg_2013-2-1024x538.jpg 1024w, http:\/\/webpage-photography.xn--photography-wrzburg-ibc.de\/wp-content\/uploads\/2013\/08\/Andreas_Schubert_VK_Roter-Bau_W\u00fcrzburg_2013-2-300x157.jpg 300w\" sizes=\"auto, (max-width: 706px) 89vw, (max-width: 767px) 82vw, 740px\" \/><\/a><\/p>\n<p style=\"text-align: center;\">.<\/p>\n<p style=\"text-align: center;\">.<\/p>\n<p style=\"text-align: center;\"><a href=\"http:\/\/webpage-photography.xn--photography-wrzburg-ibc.de\/wp-content\/uploads\/2013\/08\/IMG_7556-iii.jpg\"><img loading=\"lazy\" decoding=\"async\" class=\"alignleft wp-image-876 size-large\" title=\"Dr. Andreas Schubert &amp; Alexandra Frank W\u00fcrzburg \" src=\"http:\/\/webpage-photography.xn--photography-wrzburg-ibc.de\/wp-content\/uploads\/2013\/08\/IMG_7556-iii-683x1024.jpg\" alt=\"\" width=\"525\" height=\"787\" srcset=\"http:\/\/webpage-photography.xn--photography-wrzburg-ibc.de\/wp-content\/uploads\/2013\/08\/IMG_7556-iii-683x1024.jpg 683w, http:\/\/webpage-photography.xn--photography-wrzburg-ibc.de\/wp-content\/uploads\/2013\/08\/IMG_7556-iii-200x300.jpg 200w, http:\/\/webpage-photography.xn--photography-wrzburg-ibc.de\/wp-content\/uploads\/2013\/08\/IMG_7556-iii.jpg 768w\" sizes=\"auto, (max-width: 525px) 100vw, 525px\" \/><\/a><\/p>\n<p style=\"text-align: center;\">.<\/p>\n<p style=\"text-align: center;\">.<\/p>\n<p style=\"text-align: center;\"><a href=\"http:\/\/webpage-photography.xn--photography-wrzburg-ibc.de\/wp-content\/uploads\/2013\/08\/Andreas_Schubert_W\u00fcrzburg-Roter-Bau_Adelshof_2013-1.jpg\"><img loading=\"lazy\" decoding=\"async\" class=\"aligncenter wp-image-528 size-large\" title=\"(c)+Andreas+Schubert+W\u00fcrzburg+Roter Bau Adelshof\" src=\"http:\/\/webpage-photography.xn--photography-wrzburg-ibc.de\/wp-content\/uploads\/2013\/08\/Andreas_Schubert_W\u00fcrzburg-Roter-Bau_Adelshof_2013-1-682x1024.jpg\" width=\"682\" height=\"1024\" srcset=\"http:\/\/webpage-photography.xn--photography-wrzburg-ibc.de\/wp-content\/uploads\/2013\/08\/Andreas_Schubert_W\u00fcrzburg-Roter-Bau_Adelshof_2013-1-682x1024.jpg 682w, http:\/\/webpage-photography.xn--photography-wrzburg-ibc.de\/wp-content\/uploads\/2013\/08\/Andreas_Schubert_W\u00fcrzburg-Roter-Bau_Adelshof_2013-1-200x300.jpg 200w, http:\/\/webpage-photography.xn--photography-wrzburg-ibc.de\/wp-content\/uploads\/2013\/08\/Andreas_Schubert_W\u00fcrzburg-Roter-Bau_Adelshof_2013-1.jpg 1200w\" sizes=\"auto, (max-width: 682px) 100vw, 682px\" \/><\/a><\/p>\n<p style=\"text-align: center;\">.<\/p>\n<p style=\"text-align: center;\">.<\/p>\n<p style=\"text-align: center;\"><a href=\"http:\/\/webpage-photography.xn--photography-wrzburg-ibc.de\/wp-content\/uploads\/2013\/08\/Andreas_Schubert_VK_Roter-Bau_W\u00fcrzburg_2013-1.jpg\"><img loading=\"lazy\" decoding=\"async\" class=\"size-large wp-image-524 aligncenter\" title=\"(c)+Andreas+Schubert+W\u00fcrzburg+Roter Bau Adelshof\" src=\"http:\/\/webpage-photography.xn--photography-wrzburg-ibc.de\/wp-content\/uploads\/2013\/08\/Andreas_Schubert_VK_Roter-Bau_W\u00fcrzburg_2013-1-1024x782.jpg\" alt=\"\" width=\"1024\" height=\"782\" srcset=\"http:\/\/webpage-photography.xn--photography-wrzburg-ibc.de\/wp-content\/uploads\/2013\/08\/Andreas_Schubert_VK_Roter-Bau_W\u00fcrzburg_2013-1-1024x782.jpg 1024w, http:\/\/webpage-photography.xn--photography-wrzburg-ibc.de\/wp-content\/uploads\/2013\/08\/Andreas_Schubert_VK_Roter-Bau_W\u00fcrzburg_2013-1-300x229.jpg 300w\" sizes=\"auto, (max-width: 706px) 89vw, (max-width: 767px) 82vw, 740px\" \/><\/a>.<\/p>\n<p style=\"text-align: center;\">.<\/p>\n<p>&nbsp;<\/p>\n","protected":false},"excerpt":{"rendered":"<p>Roter Bau (Adelshof) Der Rote Bau (Adelshof) an der Theaterstra\u00dfe Der &#8222;Rote Bau&#8220; erhebt sich an der Theaterstra\u00dfe, zwischen Oeggstra\u00dfe und Huebersgasse, neben dem Mainfranken Theater. Das Gel\u00e4nde war im 16. Jhd. Eigentum des Wilhelm von Grumbach und ging sp\u00e4ter als Schenkung an den Jesuitenorden, der hier einen Teil seines Parks anlegte. F\u00fcrstbischof Johann Philipp von Greiffenclau erwarb den Grund zur Errichtung eines Adelshofs (erbaut 1706-08). 1843 kaufte die Post das Geb\u00e4ude f\u00fcr die Nutzung als K\u00f6nigliches Oberpostamt. Sp\u00e4ter wurde die Post in den Alten Bahnhof verlegt, der Rote Bau wurde sodann von Bahn- und Postbeamten bewohnt. Das durch einen Brand im Jahr 1874 zerst\u00f6rte Geb\u00e4ude wurde vom Milit\u00e4r \u00fcbernommen &hellip; <\/p>\n<p class=\"link-more\"><a href=\"http:\/\/webpage-photography.xn--photography-wrzburg-ibc.de\/?page_id=507\" class=\"more-link\"><span class=\"screen-reader-text\">\u201eRoter Bau W\u00fcrzburg (Adelshof)\u201c <\/span>weiterlesen<\/a><\/p>\n","protected":false},"author":1,"featured_media":0,"parent":0,"menu_order":0,"comment_status":"open","ping_status":"open","template":"","meta":{"_bbp_topic_count":0,"_bbp_reply_count":0,"_bbp_total_topic_count":0,"_bbp_total_reply_count":0,"_bbp_voice_count":0,"_bbp_anonymous_reply_count":0,"_bbp_topic_count_hidden":0,"_bbp_reply_count_hidden":0,"_bbp_forum_subforum_count":0,"ngg_post_thumbnail":0,"footnotes":""},"class_list":["post-507","page","type-page","status-publish","hentry"],"yoast_head":"<!-- This site is optimized with the Yoast SEO plugin v27.5 - https:\/\/yoast.com\/product\/yoast-seo-wordpress\/ -->\n<title>Roter Bau W\u00fcrzburg (Adelshof) - Photography-W\u00fcrzburg<\/title>\n<meta name=\"description\" content=\"Fashion, Model, W\u00fcrzburg, Dr. Andreas Schubert, Style, Fotografie, Fotograf, Shooting, Black &amp; White\" \/>\n<meta name=\"robots\" content=\"index, follow, max-snippet:-1, max-image-preview:large, max-video-preview:-1\" \/>\n<link rel=\"canonical\" href=\"http:\/\/webpage-photography.xn--photography-wrzburg-ibc.de\/?page_id=507\" \/>\n<meta property=\"og:locale\" content=\"de_DE\" \/>\n<meta property=\"og:type\" content=\"article\" \/>\n<meta property=\"og:title\" content=\"Roter Bau W\u00fcrzburg (Adelshof) - Photography-W\u00fcrzburg\" \/>\n<meta property=\"og:description\" content=\"Fashion, Model, W\u00fcrzburg, Dr. Andreas Schubert, Style, Fotografie, Fotograf, Shooting, Black &amp; White\" \/>\n<meta property=\"og:url\" content=\"http:\/\/webpage-photography.xn--photography-wrzburg-ibc.de\/?page_id=507\" \/>\n<meta property=\"og:site_name\" content=\"Photography-W\u00fcrzburg\" \/>\n<meta property=\"article:modified_time\" content=\"2018-08-05T13:18:28+00:00\" \/>\n<meta property=\"og:image\" content=\"http:\/\/wuerzburgwiki.de\/w\/images\/thumb\/2\/21\/Roter-Bau-Adelshof.jpg\/150px-Roter-Bau-Adelshof.jpg\" \/>\n<meta name=\"twitter:card\" content=\"summary_large_image\" \/>\n<meta name=\"twitter:label1\" content=\"Gesch\u00e4tzte Lesezeit\" \/>\n\t<meta name=\"twitter:data1\" content=\"1\u00a0Minute\" \/>\n<script type=\"application\/ld+json\" class=\"yoast-schema-graph\">{\"@context\":\"https:\\\/\\\/schema.org\",\"@graph\":[{\"@type\":\"WebPage\",\"@id\":\"http:\\\/\\\/webpage-photography.xn--photography-wrzburg-ibc.de\\\/?page_id=507\",\"url\":\"http:\\\/\\\/webpage-photography.xn--photography-wrzburg-ibc.de\\\/?page_id=507\",\"name\":\"Roter Bau W\u00fcrzburg (Adelshof) - Photography-W\u00fcrzburg\",\"isPartOf\":{\"@id\":\"http:\\\/\\\/webpage-photography.xn--photography-wrzburg-ibc.de\\\/#website\"},\"primaryImageOfPage\":{\"@id\":\"http:\\\/\\\/webpage-photography.xn--photography-wrzburg-ibc.de\\\/?page_id=507#primaryimage\"},\"image\":{\"@id\":\"http:\\\/\\\/webpage-photography.xn--photography-wrzburg-ibc.de\\\/?page_id=507#primaryimage\"},\"thumbnailUrl\":\"http:\\\/\\\/wuerzburgwiki.de\\\/w\\\/images\\\/thumb\\\/2\\\/21\\\/Roter-Bau-Adelshof.jpg\\\/150px-Roter-Bau-Adelshof.jpg\",\"datePublished\":\"2013-08-23T06:13:37+00:00\",\"dateModified\":\"2018-08-05T13:18:28+00:00\",\"description\":\"Fashion, Model, W\u00fcrzburg, Dr. Andreas Schubert, Style, Fotografie, Fotograf, Shooting, Black & White\",\"breadcrumb\":{\"@id\":\"http:\\\/\\\/webpage-photography.xn--photography-wrzburg-ibc.de\\\/?page_id=507#breadcrumb\"},\"inLanguage\":\"de\",\"potentialAction\":[{\"@type\":\"ReadAction\",\"target\":[\"http:\\\/\\\/webpage-photography.xn--photography-wrzburg-ibc.de\\\/?page_id=507\"]}]},{\"@type\":\"ImageObject\",\"inLanguage\":\"de\",\"@id\":\"http:\\\/\\\/webpage-photography.xn--photography-wrzburg-ibc.de\\\/?page_id=507#primaryimage\",\"url\":\"http:\\\/\\\/wuerzburgwiki.de\\\/w\\\/images\\\/thumb\\\/2\\\/21\\\/Roter-Bau-Adelshof.jpg\\\/150px-Roter-Bau-Adelshof.jpg\",\"contentUrl\":\"http:\\\/\\\/wuerzburgwiki.de\\\/w\\\/images\\\/thumb\\\/2\\\/21\\\/Roter-Bau-Adelshof.jpg\\\/150px-Roter-Bau-Adelshof.jpg\"},{\"@type\":\"BreadcrumbList\",\"@id\":\"http:\\\/\\\/webpage-photography.xn--photography-wrzburg-ibc.de\\\/?page_id=507#breadcrumb\",\"itemListElement\":[{\"@type\":\"ListItem\",\"position\":1,\"name\":\"Startseite\",\"item\":\"http:\\\/\\\/webpage-photography.xn--photography-wrzburg-ibc.de\\\/\"},{\"@type\":\"ListItem\",\"position\":2,\"name\":\"Roter Bau W\u00fcrzburg (Adelshof)\"}]},{\"@type\":\"WebSite\",\"@id\":\"http:\\\/\\\/webpage-photography.xn--photography-wrzburg-ibc.de\\\/#website\",\"url\":\"http:\\\/\\\/webpage-photography.xn--photography-wrzburg-ibc.de\\\/\",\"name\":\"Photography-W\u00fcrzburg\",\"description\":\"Dr. Andreas Schubert\",\"potentialAction\":[{\"@type\":\"SearchAction\",\"target\":{\"@type\":\"EntryPoint\",\"urlTemplate\":\"http:\\\/\\\/webpage-photography.xn--photography-wrzburg-ibc.de\\\/?s={search_term_string}\"},\"query-input\":{\"@type\":\"PropertyValueSpecification\",\"valueRequired\":true,\"valueName\":\"search_term_string\"}}],\"inLanguage\":\"de\"}]}<\/script>\n<!-- \/ Yoast SEO plugin. -->","yoast_head_json":{"title":"Roter Bau W\u00fcrzburg (Adelshof) - Photography-W\u00fcrzburg","description":"Fashion, Model, W\u00fcrzburg, Dr. Andreas Schubert, Style, Fotografie, Fotograf, Shooting, Black & White","robots":{"index":"index","follow":"follow","max-snippet":"max-snippet:-1","max-image-preview":"max-image-preview:large","max-video-preview":"max-video-preview:-1"},"canonical":"http:\/\/webpage-photography.xn--photography-wrzburg-ibc.de\/?page_id=507","og_locale":"de_DE","og_type":"article","og_title":"Roter Bau W\u00fcrzburg (Adelshof) - Photography-W\u00fcrzburg","og_description":"Fashion, Model, W\u00fcrzburg, Dr. Andreas Schubert, Style, Fotografie, Fotograf, Shooting, Black & White","og_url":"http:\/\/webpage-photography.xn--photography-wrzburg-ibc.de\/?page_id=507","og_site_name":"Photography-W\u00fcrzburg","article_modified_time":"2018-08-05T13:18:28+00:00","og_image":[{"url":"http:\/\/wuerzburgwiki.de\/w\/images\/thumb\/2\/21\/Roter-Bau-Adelshof.jpg\/150px-Roter-Bau-Adelshof.jpg","type":"","width":"","height":""}],"twitter_card":"summary_large_image","twitter_misc":{"Gesch\u00e4tzte Lesezeit":"1\u00a0Minute"},"schema":{"@context":"https:\/\/schema.org","@graph":[{"@type":"WebPage","@id":"http:\/\/webpage-photography.xn--photography-wrzburg-ibc.de\/?page_id=507","url":"http:\/\/webpage-photography.xn--photography-wrzburg-ibc.de\/?page_id=507","name":"Roter Bau W\u00fcrzburg (Adelshof) - Photography-W\u00fcrzburg","isPartOf":{"@id":"http:\/\/webpage-photography.xn--photography-wrzburg-ibc.de\/#website"},"primaryImageOfPage":{"@id":"http:\/\/webpage-photography.xn--photography-wrzburg-ibc.de\/?page_id=507#primaryimage"},"image":{"@id":"http:\/\/webpage-photography.xn--photography-wrzburg-ibc.de\/?page_id=507#primaryimage"},"thumbnailUrl":"http:\/\/wuerzburgwiki.de\/w\/images\/thumb\/2\/21\/Roter-Bau-Adelshof.jpg\/150px-Roter-Bau-Adelshof.jpg","datePublished":"2013-08-23T06:13:37+00:00","dateModified":"2018-08-05T13:18:28+00:00","description":"Fashion, Model, W\u00fcrzburg, Dr. Andreas Schubert, Style, Fotografie, Fotograf, Shooting, Black & White","breadcrumb":{"@id":"http:\/\/webpage-photography.xn--photography-wrzburg-ibc.de\/?page_id=507#breadcrumb"},"inLanguage":"de","potentialAction":[{"@type":"ReadAction","target":["http:\/\/webpage-photography.xn--photography-wrzburg-ibc.de\/?page_id=507"]}]},{"@type":"ImageObject","inLanguage":"de","@id":"http:\/\/webpage-photography.xn--photography-wrzburg-ibc.de\/?page_id=507#primaryimage","url":"http:\/\/wuerzburgwiki.de\/w\/images\/thumb\/2\/21\/Roter-Bau-Adelshof.jpg\/150px-Roter-Bau-Adelshof.jpg","contentUrl":"http:\/\/wuerzburgwiki.de\/w\/images\/thumb\/2\/21\/Roter-Bau-Adelshof.jpg\/150px-Roter-Bau-Adelshof.jpg"},{"@type":"BreadcrumbList","@id":"http:\/\/webpage-photography.xn--photography-wrzburg-ibc.de\/?page_id=507#breadcrumb","itemListElement":[{"@type":"ListItem","position":1,"name":"Startseite","item":"http:\/\/webpage-photography.xn--photography-wrzburg-ibc.de\/"},{"@type":"ListItem","position":2,"name":"Roter Bau W\u00fcrzburg (Adelshof)"}]},{"@type":"WebSite","@id":"http:\/\/webpage-photography.xn--photography-wrzburg-ibc.de\/#website","url":"http:\/\/webpage-photography.xn--photography-wrzburg-ibc.de\/","name":"Photography-W\u00fcrzburg","description":"Dr. Andreas Schubert","potentialAction":[{"@type":"SearchAction","target":{"@type":"EntryPoint","urlTemplate":"http:\/\/webpage-photography.xn--photography-wrzburg-ibc.de\/?s={search_term_string}"},"query-input":{"@type":"PropertyValueSpecification","valueRequired":true,"valueName":"search_term_string"}}],"inLanguage":"de"}]}},"jetpack_sharing_enabled":true,"_links":{"self":[{"href":"http:\/\/webpage-photography.xn--photography-wrzburg-ibc.de\/index.php?rest_route=\/wp\/v2\/pages\/507","targetHints":{"allow":["GET"]}}],"collection":[{"href":"http:\/\/webpage-photography.xn--photography-wrzburg-ibc.de\/index.php?rest_route=\/wp\/v2\/pages"}],"about":[{"href":"http:\/\/webpage-photography.xn--photography-wrzburg-ibc.de\/index.php?rest_route=\/wp\/v2\/types\/page"}],"author":[{"embeddable":true,"href":"http:\/\/webpage-photography.xn--photography-wrzburg-ibc.de\/index.php?rest_route=\/wp\/v2\/users\/1"}],"replies":[{"embeddable":true,"href":"http:\/\/webpage-photography.xn--photography-wrzburg-ibc.de\/index.php?rest_route=%2Fwp%2Fv2%2Fcomments&post=507"}],"version-history":[{"count":26,"href":"http:\/\/webpage-photography.xn--photography-wrzburg-ibc.de\/index.php?rest_route=\/wp\/v2\/pages\/507\/revisions"}],"predecessor-version":[{"id":925,"href":"http:\/\/webpage-photography.xn--photography-wrzburg-ibc.de\/index.php?rest_route=\/wp\/v2\/pages\/507\/revisions\/925"}],"wp:attachment":[{"href":"http:\/\/webpage-photography.xn--photography-wrzburg-ibc.de\/index.php?rest_route=%2Fwp%2Fv2%2Fmedia&parent=507"}],"curies":[{"name":"wp","href":"https:\/\/api.w.org\/{rel}","templated":true}]}}